{"id":1808,"date":"2019-02-14T13:05:42","date_gmt":"2019-02-14T13:05:42","guid":{"rendered":"https:\/\/nikolaimedtner.com\/das-projekt\/"},"modified":"2024-06-13T15:33:56","modified_gmt":"2024-06-13T15:33:56","slug":"das-projekt","status":"publish","type":"page","link":"https:\/\/nikolaimedtner.com\/de\/das-projekt\/","title":{"rendered":"Das Projekt"},"content":{"rendered":"<p>Der russische Komponist und Pianist <strong>Nikolai Medtner (1880 &#8211; 1951)<\/strong> verdient einen prominenten Platz auf den Konzertb\u00fchnen.<\/p>\n<p>Die Mezzosopranistin <a href=\"http:\/\/www.ekaterina.nl\">Ekaterina Levental<\/a> und der Pianist <a href=\"http:\/\/frankpeters.nl\" target=\"_blank\" rel=\"noopener noreferrer\" data-wplink-edit=\"true\">Frank Peters<\/a> setzen sich mit ihrem <strong>Medtner-Projekt<\/strong> daf\u00fcr ein, seine Musik, insbesondere seine Lieder, bekannter zu machen.<\/p>\n<p>Sie geben Konzerte und machen Aufnahmen seines gesamten Liedrepertoires &#8211; bestehend aus mehr als 100 Liedern -, die sie auf einer einzigartigen Reihe von CDs ver\u00f6ffentlichen.<\/p>\n<p>Medtners Musik offenbart andere und ganz eigene Welten. Er ist ein Architekt, der wei\u00df, wie man Diamanten mit Klang schneidet. Prophetisch, integer, rechthaberisch, schweigsam, wild und m\u00fcrrisch erforscht er die Essenz seiner Wahrheit. Und dabei gelingt es ihm, eine neue, pers\u00f6nliche und reine Sch\u00f6nheit zu schaffen.<\/p>\n<p style=\"font-weight: 400;\">Die ersten vier Ausgaben der CDs wurden von der Presse und der \u00d6ffentlichkeit mit gro\u00dfem Erfolg aufgenommen. Man spricht von einem &#8222;Triumph&#8220; und lobt die \u00fcberzeugende Art und Weise, wie die Musik angegangen und aufgef\u00fchrt wird.<\/p>\n<p style=\"font-weight: 400;\">Die erste CD &#8218;Incantation&#8216; gewann im September 2021 den f\u00fchrenden russischen Musikpreis Pure Sound Award. Der Pure Sound Award wird von der Russian Music Union f\u00fcr die beste Aufnahme russischer Musik verliehen. Unsere CD gewann den Preis in der Kategorie &#8218;Vocal Chamber Music&#8216;.<\/p>\n\n<div style=\"height:58px\" aria-hidden=\"true\" class=\"wp-block-spacer\"><\/div>\n\n<blockquote class=\"wp-block-quote is-layout-flow wp-block-quote-is-layout-flow\">\n<p><em>Medtners Musik ist etwas ganz Besonderes. Es ist nicht zu leugnen: die Melodien und Harmonien sind unnachahmlich in der Art und Weise, wie sie dem Klavier entnommen sind, einem Instrument, das sowohl von Medtner als auch von Chopin gesch\u00e4tzt wurde. Heute, fast 70 Jahre nach Medtners Tod, wollen wir, die Sch\u00f6pfer dieses Projekts, daf\u00fcr sorgen, dass die heroische, aufopferungsvolle Arbeit, der er sein ganzes Leben gewidmet hat, nicht umsonst war.<br\/> Seine Musik, durchdrungen von der Kraft seines m\u00e4chtigen Geistes und der Sch\u00f6nheit, an die er glaubte, steht f\u00fcr die Entdeckung eines neuen Lebens. &#8211; Frank Peters und Ekaterina Levental<\/em><\/p>\n\n\n\n<p><\/p>\n<\/blockquote>\n\n<div style=\"height:48px\" aria-hidden=\"true\" class=\"wp-block-spacer\"><\/div>\n\n<h4 class=\"wp-block-heading has-text-align-center\"><strong>Medtner Projekt in der Presse<\/strong><\/h4>\n\n<p class=\"has-text-align-center\"><a href=\"https:\/\/www.nieuwenoten.nl\/?p=17953\">Rezension von Ben Taffijn, Nieuwe Noten, Mai 2024<\/a><\/p>\n\n<p class=\"has-text-align-center\"><a href=\"https:\/\/nikolaimedtner.com\/wp-content\/uploads\/2023\/04\/36B01271-6D53-48D4-8E3C-32F7CDF67195_1_201_a.jpeg\" target=\"_blank\" rel=\"noreferrer noopener\">Rezension von Hans Visser, Noord-Hollands Dagblad, April 2023<\/a><\/p>\n\n<p class=\"has-text-align-center\"><a href=\"https:\/\/www.opusklassiek.nl\/cd-recensies\/cd-aw\/medtner03.htm?fbclid=IwAR1MnQmIiZPNzH2e-ZBxEpUy2BwYZVJxWksEXYXsQpSKAspzG5lAjjPHRkM\" target=\"_blank\" rel=\"noreferrer noopener\">Rezension von Aart van der Wal in Opus Klassiek, Februar 2023<\/a><\/p>\n\n<p class=\"has-text-align-center\"><a rel=\"noreferrer noopener\" href=\"https:\/\/artmusiclounge.wordpress.com\/2023\/02\/05\/medtner-songs-vol-4-released\/?fbclid=IwAR1VdqGwkb45axT7-y3XXYFCulGY-1KBVteIwnSVROm-T8ER6UaLTYBJPXQ\" target=\"_blank\">Rezension von Lynn Ren\u00e9 Bayley in The Art Music Lounge, Februar 2023<\/a><\/p>\n\n<p class=\"has-text-align-center\"><a rel=\"noreferrer noopener\" href=\"https:\/\/nikolaimedtner.com\/wp-content\/uploads\/2023\/02\/Passagio-late-night-Medtner4-kl2.mp3\" target=\"_blank\">Interview Passaggio Late Night, mit Pieter van Nes, 17. Februar 2023<\/a><\/p>\n\n<p class=\"has-text-align-center\"><a href=\"https:\/\/nikolaimedtner.com\/wp-content\/uploads\/2023\/04\/PHOTO-2023-04-01-23-31-41.jpeg\" target=\"_blank\" rel=\"noreferrer noopener\">Rezension von Peter J. Rabinowitz in Fanfare Magazine USA, Sep\/Okt. 2022<\/a><\/p>\n\n<p class=\"has-text-align-center\"><a href=\"https:\/\/nikolaimedtner.com\/wp-content\/uploads\/2022\/05\/279438714_1086479155413161_2284229074122636003_n.jpeg\" target=\"_blank\" rel=\"noreferrer noopener\">Rezension von Henriette Posthuma de Boer in De Liedvriend, April 2022<\/a><\/p>\n\n<p class=\"has-text-align-center\"><a href=\"https:\/\/nikolaimedtner.com\/wp-content\/uploads\/2022\/02\/IMG_5281.jpeg\" target=\"_blank\" rel=\"noreferrer noopener\">Rezension von Arnoud Heerings in Katholiek Nieuwsblad, Februar 2022<\/a><\/p>\n\n<p class=\"has-text-align-center\"><a href=\"https:\/\/artmusiclounge.wordpress.com\/2022\/01\/18\/vol-3-of-medtners-songs-released\/?fbclid=IwAR0wV8aupj4WJzemRvTarYcV7MzViUqdTrufE2xf23IFBj9Z1MIV6Tpplxg\" target=\"_blank\" rel=\"noreferrer noopener\">Rezension von Lynn Ren\u00e9 Bayley in The Art Music Lounge, Januar 2022<\/a><\/p>\n\n<p class=\"has-text-align-center\"><a rel=\"noreferrer noopener\" href=\"https:\/\/www.opusklassiek.nl\/cd-recensies\/cd-gsch\/gschmedtner05.htm\" target=\"_blank\">Rezension von Gerard Scheltens in Opus Klassiek, November 2021<\/a><\/p>\n\n<p class=\"has-text-align-center\"><a href=\"https:\/\/nikolaimedtner.com\/wp-content\/uploads\/2023\/04\/PHOTO-2023-04-01-23-31-42-1.jpeg\" target=\"_blank\" rel=\"noreferrer noopener\">Rezension von Peter J. Rabinowitz in Fanfare Magazine USA, Sep\/Okt. 2021<\/a><\/p>\n\n<p class=\"has-text-align-center\"><a href=\"https:\/\/nikolaimedtner.com\/wp-content\/uploads\/2021\/06\/De-Nieuwe-Muze-juni-2021-II.pdf\" target=\"_blank\" rel=\"noreferrer noopener\">Ver\u00f6ffentlichung in The New Muse von Elger Niels, Juni 2021<\/a><\/p>\n\n<p class=\"has-text-align-center\"><a rel=\"noreferrer noopener\" href=\"https:\/\/www.npostart.nl\/ekaterina-levental-frank-peters-liederen-van-nikolaj-medtner\/11-04-2021\/POMS_NTR_16489197\" target=\"_blank\">Live<\/a><a href=\"https:\/\/www.npostart.nl\/ekaterina-levental-frank-peters-liederen-van-nikolaj-medtner\/11-04-2021\/POMS_NTR_16489197\" target=\"_blank\" rel=\"noreferrer noopener\"> <\/a><a rel=\"noreferrer noopener\" href=\"https:\/\/www.npostart.nl\/ekaterina-levental-frank-peters-liederen-van-nikolaj-medtner\/11-04-2021\/POMS_NTR_16489197\" target=\"_blank\">TV-\u00dcbertragung Podium Witteman, 11 April 2021<\/a><\/p>\n\n<p class=\"has-text-align-center\"><a href=\"https:\/\/nikolaimedtner.com\/wp-content\/uploads\/2021\/04\/Luister-April-2021-Sleeplessness.jpeg\" target=\"_blank\" rel=\"noreferrer noopener\">Rezension von Marnix Bilderbeek im Luister Magazin, April 2021<\/a><\/p>\n\n<p class=\"has-text-align-center\"><a href=\"https:\/\/nikolaimedtner.com\/wp-content\/uploads\/2021\/03\/Weldadige-vertolking-van-Russische-poezie-van-Nikolai-Medtner-Nederlands-Dagblad.pdf\" target=\"_blank\" rel=\"noreferrer noopener\">Bewertung von Margarethe Coonstra in ND, M\u00e4rz 2021<\/a><\/p>\n\n<p class=\"has-text-align-center\"><a rel=\"noreferrer noopener\" href=\"https:\/\/nikolaimedtner.com\/wp-content\/uploads\/2021\/03\/D9418D9B-5EF4-4C31-BEDA-E662A2F6E933-scaled.jpeg\" target=\"_blank\">Rezension von Benjamin Rous in Classical Matters, M\u00e4rz 2021<\/a><\/p>\n\n<p class=\"has-text-align-center\"><a rel=\"noreferrer noopener\" href=\"https:\/\/artmusiclounge.wordpress.com\/2021\/02\/04\/levental-sings-medtner-vol-2\/\" target=\"_blank\">Rezension von Lynn Ren\u00e9 Bayley in The Art Music Lounge, Februar 2021<\/a><\/p>\n\n<p class=\"has-text-align-center\"><a rel=\"noreferrer noopener\" href=\"https:\/\/musicalifeiten.nl\/cd-recensies\/459-m\/18541-medtner-sleeplessness\" target=\"_blank\">Rezension von Jan de Kruijf<\/a><a href=\"https:\/\/musicalifeiten.nl\/cd-recensies\/459-m\/18541-medtner-sleeplessness\" target=\"_blank\" rel=\"noreferrer noopener\">f<\/a><a rel=\"noreferrer noopener\" href=\"https:\/\/musicalifeiten.nl\/cd-recensies\/459-m\/18541-medtner-sleeplessness\" target=\"_blank\"> in Musikalifeiten, Februar 2021<\/a><\/p>\n\n<p class=\"has-text-align-center\"><a href=\"https:\/\/www.opusklassiek.nl\/cd-recensies\/cd-gsch\/gschmedtner04.htm\" target=\"_blank\" rel=\"noreferrer noopener\">Rezension von Gerard Scheltens in Opus Klassiek, Februar 2021<\/a><\/p>\n\n<p class=\"has-text-align-center\"><a href=\"https:\/\/nikolaimedtner.com\/wp-content\/uploads\/2021\/03\/Schermafbeelding-2021-03-17-om-15.54.05.jpeg\" target=\"_blank\" rel=\"noreferrer noopener\">Rezension von Jenny Camilleri in De Volkskrant, Februar 2021<\/a><\/p>\n\n<p class=\"has-text-align-center\"><a rel=\"noreferrer noopener\" href=\"https:\/\/www.nporadio4.nl\/spiegelzaal\/uitzendingen\/2021-02-07-spiegelzaal-10\" target=\"_blank\">Programm live aus dem Spiegelzaal des Concertgebouw, 7. Februar 2021<\/a><\/p>\n\n<p class=\"has-text-align-center\"><a rel=\"noreferrer noopener\" href=\"https:\/\/www.nporadio4.nl\/podium\/uitzendingen\/2021-02-05-podium-16\" target=\"_blank\">Programmpodium, NPO Radio 4 mit Dieuwertje Blok, 5. Februar 2021<\/a><\/p>\n\n<p class=\"has-text-align-center\"><a href=\"https:\/\/nikolaimedtner.com\/wp-content\/uploads\/2021\/03\/image001.jpg\" target=\"_blank\" rel=\"noreferrer noopener\">Artikel von Peter van der Lint in Trouw, Februar 2021<\/a><\/p>\n\n<p class=\"has-text-align-center\"><a rel=\"noreferrer noopener\" href=\"https:\/\/www.nporadio4.nl\/avondconcert\/nieuws\/7265-russische-poezie-op-muziek-van-medtner-en-zijn-zielsverwanten\" target=\"_blank\">Radio 4 NPO Abendkonzert, 4. Februar 2021 aus der Bethlehem Kirche Amsterdam<\/a><\/p>\n\n<p class=\"has-text-align-center\"><a href=\"https:\/\/nikolaimedtner.com\/wp-content\/uploads\/2021\/03\/Fanfare-Magazine-USA.pdf\" target=\"_blank\" rel=\"noreferrer noopener\">R\u00fcckblick Fanfare Magazin USA, Dezember 2020<\/a><\/p>\n\n<p class=\"has-text-align-center\"><a href=\"https:\/\/nikolaimedtner.com\/wp-content\/uploads\/2020\/12\/131053479_1325076367835463_7234703566784965483_n-16-12-2020-om-12.13.33.pdf\" target=\"_blank\" rel=\"noreferrer noopener\">Artikel von Olga de Kort in Piano Forum Russia, Dezember 2020<\/a><\/p>\n\n<p class=\"has-text-align-center\"><a href=\"https:\/\/nikolaimedtner.com\/wp-content\/uploads\/2020\/12\/1302.pdf\" target=\"_blank\" rel=\"noreferrer noopener\">Rezension von Olga de Kort in Piano Bulletin, Dezember 2020<\/a><\/p>\n\n<p class=\"has-text-align-center\"><a href=\"https:\/\/basiaconfuoco.com\/2020\/12\/01\/nikolai-medtner-een-malle-sentimentalist\/?fbclid=IwAR0DRw21nEo3TlCNrajqZOc2IIcWydLYktyxJMTMs8xmnq9MF__AXkNCrN8\" target=\"_blank\" rel=\"noreferrer noopener\">Bewertung von Basia Jaworksi auf Basia con Fuoco, Dezember 2020<\/a><\/p>\n\n<p class=\"has-text-align-center\"><a rel=\"noreferrer noopener\" href=\"https:\/\/artmusiclounge.wordpress.com\/2020\/08\/18\/levental-sings-medtner\/?fbclid=IwAR03DCcHvuv8rrYvVUUZfyennUSnNj0ZDUf7-pkbiLIMBKrojJYP31qn3ds\" target=\"_blank\">Rezension von Lynn Ren\u00e9 Bayley in The Art Music Lounge, August 2020<\/a><\/p>\n\n<p class=\"has-text-align-center\"><a rel=\"noreferrer noopener\" href=\"https:\/\/nikolaimedtner.com\/wp-content\/uploads\/2020\/07\/Reformatorisch-Dagblad-Vrijdag-24-juli-2020-1.jpeg\" target=\"_blank\">Rezension von Piet Baaijens in Reformatorisch Dagblad, Juli 2020<\/a><\/p>\n\n<p class=\"has-text-align-center\"><a href=\"https:\/\/nikolaimedtner.com\/wp-content\/uploads\/2020\/12\/IMG_24.pdf\" target=\"_blank\" rel=\"noreferrer noopener\">Rezension von Gerard van der Leeuw in The Red Lion, Juni 2020<\/a><\/p>\n\n<p class=\"has-text-align-center\"><a href=\"https:\/\/nikolaimedtner.com\/wp-content\/uploads\/2020\/05\/Medtner-CD-release-Incantation-Trouw-Sandra-Kooke-9-mei-2020.pdf\" target=\"_blank\" rel=\"noreferrer noopener\">Artikel von Sandra Kooke in Trouw, Mai 2020<\/a><\/p>\n\n<p class=\"has-text-align-center\"><a rel=\"noreferrer noopener\" href=\"https:\/\/nikolaimedtner.com\/wp-content\/uploads\/2020\/05\/nrc.nl_nieuws_2020_05_11_als-ik-medtner-zing-is-het-of-hij-mij-beter-begrijpt-dan-ikzelf-a3999327.pdf\" target=\"_blank\">Artikel von Joep Christenhus<\/a><a href=\"https:\/\/nikolaimedtner.com\/wp-content\/uploads\/2020\/05\/nrc.nl_nieuws_2020_05_11_als-ik-medtner-zing-is-het-of-hij-mij-beter-begrijpt-dan-ikzelf-a3999327.pdf\" target=\"_blank\" rel=\"noreferrer noopener\">z<\/a><a rel=\"noreferrer noopener\" href=\"https:\/\/nikolaimedtner.com\/wp-content\/uploads\/2020\/05\/nrc.nl_nieuws_2020_05_11_als-ik-medtner-zing-is-het-of-hij-mij-beter-begrijpt-dan-ikzelf-a3999327.pdf\" target=\"_blank\"> in NRC, Mai 2020<\/a><\/p>\n\n<p class=\"has-text-align-center\"><a href=\"https:\/\/nikolaimedtner.com\/wp-content\/uploads\/2020\/05\/volkskrant.nl_cultuur-media_mezzosopraan-levental-ontrukt-romantische-componist-aan-de-vergetelheidb2a024f1.pdf\" target=\"_blank\" rel=\"noreferrer noopener\">Artikel von Guido van Oorschot in de Volkskrant, Mai 2020<\/a><\/p>\n\n<p class=\"has-text-align-center\"><a rel=\"noreferrer noopener\" href=\"https:\/\/nikolaimedtner.com\/wp-content\/uploads\/2020\/05\/973776_nu-al-verlangen-naar-volgend-album.pdf\" target=\"_blank\">Rezension CD Incantation von Margaretha Coornstra, Nederlands Dagblad, Mai 2020<\/a><\/p>\n\n<p class=\"has-text-align-center\"><a href=\"https:\/\/nikolaimedtner.com\/wp-content\/uploads\/2020\/05\/EA370DFB-97F2-44E2-BA12-867F39901540_1_201_a.jpeg\" target=\"_blank\" rel=\"noreferrer noopener\">Rezension von Hans Visser in Noordhollands Dagblad \/ Gooi en Eemlander \/ Leidsch Dagblad \/ Haarlems Dagblad, Mai 2020<\/a><\/p>\n\n<p class=\"has-text-align-center\"><a href=\"https:\/\/nikolaimedtner.com\/wp-content\/uploads\/2020\/05\/Parool-Za-16-mei-2020-kopie.pdf\" target=\"_blank\" rel=\"noreferrer noopener\">Rezension von Erik Voermans in the Parool, Mai 2020<\/a><\/p>\n\n<p class=\"has-text-align-center\"><a href=\"https:\/\/nikolaimedtner.com\/wp-content\/uploads\/2020\/05\/De-Groene-Amsterdammer-Do-21-mei-2020-kopie.pdf\" target=\"_blank\" rel=\"noreferrer noopener\">Rezension von Bas van Putten im Groene Amsterdammer, Mai 2020<\/a><\/p>\n\n<p class=\"has-text-align-center\"><a href=\"https:\/\/nikolaimedtner.com\/wp-content\/uploads\/2020\/05\/Dagblad-van-het-Noorden-en-Leeuwarder-Courant-Vr-29-mei-2020.pdf\" target=\"_blank\" rel=\"noreferrer noopener\">Rezension von Erik Voermans in De Dagblad van het Noorden und Leeuwarder Courant, Mai 2020<\/a><\/p>\n\n<p class=\"has-text-align-center\"><a rel=\"noreferrer noopener\" href=\"https:\/\/nikolaimedtner.com\/wp-content\/uploads\/2020\/05\/Zing-Mgazine-Juni-2020.pdf\" target=\"_blank\">Rezension im ZING Magazin, Mai 2020<\/a><\/p>\n\n<p class=\"has-text-align-center\"><a href=\"https:\/\/www.opusklassiek.nl\/cd-recensies\/cd-gsch\/gschmedtner03.htm\" target=\"_blank\" rel=\"noreferrer noopener\">Rezension von Gerard Scheltens in Opus Klassiek, Mai 2020<\/a><\/p>\n\n<p class=\"has-text-align-center\"><a href=\"https:\/\/nikolaimedtner.com\/wp-content\/uploads\/2020\/05\/Klassieke-Zaken-Juni-2020.pdf\" target=\"_blank\" rel=\"noreferrer noopener\">Artikel von Hein van Eekert in Classical Affairs, Mai 2020<\/a><\/p>\n\n<p class=\"has-text-align-center\"><a href=\"https:\/\/www.operamagazine.nl\/binnenkort\/52054\/levental-en-peters-lanceren-medtner-project\/\" target=\"_blank\" rel=\"noreferrer noopener\">Artikel von Fran\u00e7ois van den Anker in Place de l&#8217;Opera, Mai 2020<\/a><\/p>\n\n<p class=\"has-text-align-center\"><a rel=\"noreferrer noopener\" href=\"https:\/\/nikolaimedtner.com\/wp-content\/uploads\/2020\/05\/De-gelderlander.pdf\" target=\"_blank\">Rezension von Maarten-Jan Dongelmans in De Gelderlander, Mai 2020<\/a><\/p>\n\n<p class=\"has-text-align-center\"><a href=\"https:\/\/musicalifeiten.nl\/cd-recensies\/459-m\/17483-medtner-incantation-liederen-1.html\">Rezension von Jan de Kruijff in Musicalifeiten, Mai 2020<\/a><\/p>\n\n<p class=\"has-text-align-center\"><a href=\"https:\/\/www.nporadio4.nl\/passaggio\/nieuws\/5351-hollandsche-nieuwe-liederen-van-medtner-door-ekaterina-levental-en-frank-peters\" target=\"_blank\" rel=\"noreferrer noopener\">NPO Radio 4, 5 Sendungen in der Sendung Passagio, Rubrik Hollandse Nieuwe von Lex Bohlmeijer, 11-15 Mai 2020<\/a><\/p>\n\n<p class=\"has-text-align-center\"><a href=\"https:\/\/www.nporadio4.nl\/podium\/uitzendingen\/740379:2020-05-06-podium\" target=\"_blank\" rel=\"noreferrer noopener\">NPO Radio 4, Programmpodium, Interview mit Hans Haffmans, ab 18.03 Uhr<\/a><\/p>\n\n<div style=\"height:55px\" aria-hidden=\"true\" class=\"wp-block-spacer\"><\/div>\n\n<blockquote class=\"wp-block-quote is-layout-flow wp-block-quote-is-layout-flow\">\n<p><\/p>\n<\/blockquote>\n","protected":false},"excerpt":{"rendered":"<p>Der russische Komponist und Pianist Nikolai Medtner (1880 &#8211; 1951) verdient einen prominenten Platz auf den Konzertb\u00fchnen. Die Mezzosopranistin Ekaterina Levental und der Pianist Frank Peters setzen sich mit ihrem Medtner-Projekt daf\u00fcr ein, seine Musik, insbesondere seine Lieder, bekannter zu machen. Sie geben Konzerte und machen Aufnahmen seines gesamten Liedrepertoires &#8211; bestehend aus mehr als 100 Liedern -, die sie auf einer einzigartigen Reihe von CDs ver\u00f6ffentlichen. Medtners Musik offenbart andere und ganz eigene Welten. Er ist ein Architekt, der wei\u00df, wie man Diamanten mit Klang schneidet. Prophetisch, integer, rechthaberisch, schweigsam, wild und m\u00fcrrisch erforscht er die Essenz seiner Wahrheit. Und dabei gelingt es ihm, eine neue, pers\u00f6nliche und reine Sch\u00f6nheit zu schaffen. Die ersten vier Ausgaben der CDs wurden von der Presse und der \u00d6ffentlichkeit mit gro\u00dfem Erfolg aufgenommen. Man spricht von einem &#8222;Triumph&#8220; und lobt die \u00fcberzeugende Art und Weise, wie die Musik angegangen und aufgef\u00fchrt wird. Die erste CD &#8218;Incantation&#8216; gewann im September 2021 den f\u00fchrenden russischen Musikpreis Pure Sound Award. Der Pure Sound Award wird von der Russian Music Union f\u00fcr die beste Aufnahme russischer Musik verliehen. Unsere CD gewann den Preis in der Kategorie &#8218;Vocal Chamber Music&#8216;. Medtners Musik ist etwas ganz Besonderes. Es ist nicht zu leugnen: die Melodien und Harmonien sind unnachahmlich in der Art und Weise, wie sie dem Klavier entnommen sind, einem Instrument, das sowohl von Medtner als auch von Chopin gesch\u00e4tzt wurde. Heute, fast 70 Jahre nach Medtners Tod, wollen wir, die Sch\u00f6pfer dieses Projekts, daf\u00fcr sorgen, dass die heroische, aufopferungsvolle Arbeit, der er sein ganzes Leben gewidmet hat, nicht umsonst war. Seine Musik, durchdrungen von der Kraft seines m\u00e4chtigen Geistes und der Sch\u00f6nheit, an die er glaubte, steht f\u00fcr die Entdeckung eines neuen Lebens. &#8211; Frank Peters und Ekaterina Levental Medtner Projekt in der Presse Rezension von Ben Taffijn, Nieuwe Noten, Mai 2024 Rezension von Hans Visser, Noord-Hollands Dagblad, April 2023 Rezension von Aart van der Wal in Opus Klassiek, Februar 2023 Rezension von Lynn Ren\u00e9 Bayley in The Art Music Lounge, Februar 2023 Interview Passaggio Late Night, mit Pieter van Nes, 17. Februar 2023 Rezension von Peter J. Rabinowitz in Fanfare Magazine USA, Sep\/Okt. 2022 Rezension von Henriette Posthuma de Boer in De Liedvriend, April 2022 Rezension von Arnoud Heerings in Katholiek Nieuwsblad, Februar 2022 Rezension von Lynn Ren\u00e9 Bayley in The Art Music Lounge, Januar 2022 Rezension von Gerard Scheltens in Opus Klassiek, November 2021 Rezension von Peter J. Rabinowitz in Fanfare Magazine USA, Sep\/Okt. 2021 Ver\u00f6ffentlichung in The New Muse von Elger Niels, Juni 2021 Live TV-\u00dcbertragung Podium Witteman, 11 April 2021 Rezension von Marnix Bilderbeek im Luister Magazin, April 2021 Bewertung von Margarethe Coonstra in ND, M\u00e4rz 2021 Rezension von Benjamin Rous in Classical Matters, M\u00e4rz 2021 Rezension von Lynn Ren\u00e9 Bayley in The Art Music Lounge, Februar 2021 Rezension von Jan de Kruijff in Musikalifeiten, Februar 2021 Rezension von Gerard Scheltens in Opus Klassiek, Februar 2021 Rezension von Jenny Camilleri in De Volkskrant, Februar 2021 Programm live aus dem Spiegelzaal des Concertgebouw, 7. Februar 2021 Programmpodium, NPO Radio 4 mit Dieuwertje Blok, 5. Februar 2021 Artikel von Peter van der Lint in Trouw, Februar 2021 Radio 4 NPO Abendkonzert, 4. Februar 2021 aus der Bethlehem Kirche Amsterdam R\u00fcckblick Fanfare Magazin USA, Dezember 2020 Artikel von Olga de Kort in Piano Forum Russia, Dezember 2020 Rezension von Olga de Kort in Piano Bulletin, Dezember 2020 Bewertung von Basia Jaworksi auf Basia con Fuoco, Dezember 2020 Rezension von Lynn Ren\u00e9 Bayley in The Art Music Lounge, August 2020 Rezension von Piet Baaijens in Reformatorisch Dagblad, Juli 2020 Rezension von Gerard van der Leeuw in The Red Lion, Juni 2020 Artikel von Sandra Kooke in Trouw, Mai 2020 Artikel von Joep Christenhusz in NRC, Mai 2020 Artikel von Guido van Oorschot in de Volkskrant, Mai 2020 Rezension CD Incantation von Margaretha Coornstra, Nederlands Dagblad, Mai 2020 Rezension von Hans Visser in Noordhollands Dagblad \/ Gooi en Eemlander \/ Leidsch Dagblad \/ Haarlems Dagblad, Mai 2020 Rezension von Erik Voermans in the Parool, Mai 2020 Rezension von Bas van Putten im Groene Amsterdammer, Mai 2020 Rezension von Erik Voermans in De Dagblad van het Noorden und Leeuwarder Courant, Mai 2020 Rezension im ZING Magazin, Mai 2020 Rezension von Gerard Scheltens in Opus Klassiek, Mai 2020 Artikel von Hein van Eekert in Classical Affairs, Mai 2020 Artikel von Fran\u00e7ois van den Anker in Place de l&#8217;Opera, Mai 2020 Rezension von Maarten-Jan Dongelmans in De Gelderlander, Mai 2020 Rezension von Jan de Kruijff in Musicalifeiten, Mai 2020 NPO Radio 4, 5 Sendungen in der Sendung Passagio, Rubrik Hollandse Nieuwe von Lex Bohlmeijer, 11-15 Mai 2020 NPO Radio 4, Programmpodium, Interview mit Hans Haffmans, ab 18.03 Uhr<\/p>\n","protected":false},"author":3,"featured_media":0,"parent":0,"menu_order":0,"comment_status":"closed","ping_status":"closed","template":"","meta":{"_monsterinsights_skip_tracking":false,"_monsterinsights_sitenote_active":false,"_monsterinsights_sitenote_note":"","_monsterinsights_sitenote_category":0,"footnotes":""},"class_list":["post-1808","page","type-page","status-publish","hentry"],"_links":{"self":[{"href":"https:\/\/nikolaimedtner.com\/de\/wp-json\/wp\/v2\/pages\/1808","targetHints":{"allow":["GET"]}}],"collection":[{"href":"https:\/\/nikolaimedtner.com\/de\/wp-json\/wp\/v2\/pages"}],"about":[{"href":"https:\/\/nikolaimedtner.com\/de\/wp-json\/wp\/v2\/types\/page"}],"author":[{"embeddable":true,"href":"https:\/\/nikolaimedtner.com\/de\/wp-json\/wp\/v2\/users\/3"}],"replies":[{"embeddable":true,"href":"https:\/\/nikolaimedtner.com\/de\/wp-json\/wp\/v2\/comments?post=1808"}],"version-history":[{"count":3,"href":"https:\/\/nikolaimedtner.com\/de\/wp-json\/wp\/v2\/pages\/1808\/revisions"}],"predecessor-version":[{"id":1848,"href":"https:\/\/nikolaimedtner.com\/de\/wp-json\/wp\/v2\/pages\/1808\/revisions\/1848"}],"wp:attachment":[{"href":"https:\/\/nikolaimedtner.com\/de\/wp-json\/wp\/v2\/media?parent=1808"}],"curies":[{"name":"wp","href":"https:\/\/api.w.org\/{rel}","templated":true}]}}